{"id":5137,"date":"2022-02-22T09:06:22","date_gmt":"2022-02-22T09:06:22","guid":{"rendered":"https:\/\/labonacarn.com\/?page_id=5137"},"modified":"2022-03-06T14:39:48","modified_gmt":"2022-03-06T14:39:48","slug":"politica-de-proteccion-de-datos","status":"publish","type":"page","link":"https:\/\/labonacarn.com\/es\/politica-de-proteccion-de-datos\/","title":{"rendered":"Pol\u00edtica de protecci\u00f3n de datos"},"content":{"rendered":"<h1>Pol\u00edtica de protecci\u00f3n de datos<\/h1>\n<p><strong>\u00bfQui\u00e9n es el responsable del tratamiento de los datos personales?<\/strong><br \/>\nEl responsable del tratamiento de los datos personales es\u00a0CABAS2011 S.L con CIF\u00a0B65580789 y domicilio en la C\/ Anselm Clav\u00e9, 6, de Sant Celoni (CP\u00a008470), direcci\u00f3n electr\u00f3nica info@labonacarn.com, inscrita en el Registro Mercantil de , Tomo , Folio , Secci\u00f3n , Hoja , Inscripci\u00f3n .<\/p>\n<p><strong>\u00bfCon qu\u00e9 finalidad y con qu\u00e9 legitimaci\u00f3n tratamos los datos?<\/strong><br \/>\nContacto. Atendemos las consultas de las personas que contactan con nosotros por medio del correo electr\u00f3nico, formularios de contacto de nuestra web o telef\u00f3nicamente. Tratamos estos datos con el consentimiento de la persona que nos ha dirigido.<\/p>\n<p>Servicios a los clientes. Registramos los clientes y los datos adicionales que se puedan generar como resultado de la relaci\u00f3n comercial con estos clientes. La relaci\u00f3n comercial conlleva incorporar los datos a la contabilidad, la facturaci\u00f3n o informaci\u00f3n a la administraci\u00f3n tributaria. Tratamos estos datos en cumplimiento de las relaciones contractuales y de obligaciones legales.<\/p>\n<p>Gesti\u00f3n de los datos de nuestros proveedores. Tratamos los datos de los proveedores de quien obtenemos servicios o bienes. Obtenemos los datos necesarios para mantener la relaci\u00f3n comercial y los destinamos \u00fanicamente a este fin. Tratamos estos datos en cumplimiento de las relaciones contractuales y de obligaciones legales.<\/p>\n<p>Informaci\u00f3n de productos y servicios. Con la autorizaci\u00f3n de los clientes sus datos de contacto se utilizan para enviar publicidad relacionada con nuestros servicios o productos. Tratamos estos datos en base al consentimiento de la persona que recibe las comunicaciones.<\/p>\n<p><strong>\u00bfA qui\u00e9n se comunican los datos?<\/strong><br \/>\nComo criterio general \u00fanicamente comunicamos datos a administraciones o poderes p\u00fablicos y siempre en cumplimientos de obligaciones legales. En la facturaci\u00f3n podemos comunicarlas a entidades bancarias. No se hacen transferencias de datos fuera del \u00e1mbito de la Uni\u00f3n Europea (transferencia internacional).<\/p>\n<p><strong>\u00bfCu\u00e1nto tiempo conservamos los datos?<\/strong><br \/>\nCumplimos la obligaci\u00f3n legal de limitar al m\u00e1ximo el plazo de conservaci\u00f3n de los datos. Por este motivo se conservan s\u00f3lo el tiempo necesario y justificado por la finalidad que motiv\u00f3 la obtenci\u00f3n. En determinados casos, como los datos que figuran en la documentaci\u00f3n contable y la facturaci\u00f3n, la normativa fiscal obliga a conservarlas hasta que no prescriban las responsabilidades en esta materia. En el caso de los datos que se tratan en base al consentimiento de la persona interesada, se conservan hasta que esta persona no revoca este consentimiento.<\/p>\n<p><strong>\u00bfQu\u00e9 derechos tienen las personas en relaci\u00f3n a los datos que tratamos?<\/strong><br \/>\nLas personas de las que tratamos datos tienen los siguientes derechos:<br \/>\nA acceder. Derecho a saber qu\u00e9 datos personales son objeto de tratamiento, cu\u00e1l es la finalidad para la que se tratan, las comunicaciones a otras personas, el derecho a obtener copia o saber el plazo previsto de conservaci\u00f3n.<br \/>\nA pedir su rectificaci\u00f3n. Derecho a hacer rectificar los datos inexactos.<br \/>\nA pedir su supresi\u00f3n. Derecho a pedir la supresi\u00f3n de los datos cuando, entre otros motivos, no sean necesarias para los fines para los que fueron recogidos y justificaron el tratamiento.<br \/>\nPedir la limitaci\u00f3n del tratamiento. En determinadas circunstancias existe el derecho a pedir la limitaci\u00f3n del tratamiento de los datos: dejar\u00e1n de ser tratadas y s\u00f3lo se conservar\u00e1n para el ejercicio o la defensa de reclamaciones.<br \/>\nEn la portabilidad. Derecho a obtener los datos personales en un formato de uso com\u00fan legible por m\u00e1quina, y transmitirlas a otro responsable del tratamiento si as\u00ed lo decide el interesado.<br \/>\nA oponerse al tratamiento. En aducir motivos relacionados con su situaci\u00f3n particular, una persona nos puede pedir que dejemos de tratar sus datos si le puede suponer un perjuicio.<\/p>\n<p><strong>\u00bfComo se pueden ejercer o defender los derechos?<\/strong><br \/>\nLos derechos que acabamos de enumerar pueden ejercerse dirigiendo una solicitud escrita a CABAS2011 S.L. a nuestra direcci\u00f3n postal o bien enviando un correo electr\u00f3nico a\u00a0info@labonacarn.com indicando en todos los casos \u00abProtecci\u00f3n de datos personales\u00bb. Si no se ha obtenido respuesta satisfactoria en el ejercicio de los derechos es posible presentar una reclamaci\u00f3n ante la Agencia Espa\u00f1ola de Protecci\u00f3n de Datos, por medio de los formularios u otros canales accesibles desde su p\u00e1gina www.agpd.es.<\/p>\n<p><strong>Pol\u00edtica de privacitat<\/strong><\/p>\n<p><strong>1.Pol\u00edtica de privacitat formulari &#8211; contactar &#8211;<\/strong><\/p>\n<p>En compliment del que s&#8217;estipula en la Llei Org\u00e0nica 15\/1999, de 13 de desembre, de protecci\u00f3 de dades de car\u00e0cter Personal, us informem que les dades que faciliti a nosaltres omplint aquest formulari es convertir\u00e0 en part d&#8217;un fitxer propietat de CABAS2011 S.L. i s&#8217;utilitzaran per a la gesti\u00f3 de clients.<br \/>\nD&#8217;acord amb la Llei 34\/2002 de serveis de la Sociedad de la Informaci\u00f3n i de Comercio Electr\u00f3nico, en enviar el formulari accepten expressament rebre informaci\u00f3 de publicitat de CABAS2011 S.L. a trav\u00e9s de canals electr\u00f2nics.<\/p>\n<p><strong>2.Pol\u00edtica de privacitat de formulari &#8211; atenci\u00f3 al client-<\/strong><\/p>\n<p>En compliment del que s&#8217;estipula en la Llei Org\u00e0nica 15\/1999, de 13 de desembre, de protecci\u00f3 de dades de car\u00e0cter Personal, us informem que les dades que faciliti a nosaltres omplint aquest formulari es convertir\u00e0 en part d&#8217;un fitxer propietat de CABAS2011 S.L. i s&#8217;utilitzaran per a la gesti\u00f3 de clients.<br \/>\nD&#8217;acord amb la Llei 34\/2002 de serveis de la Sociedad de la Informaci\u00f3n i de Comercio Electr\u00f3nico, en enviar el formulari accepten expressament rebre informaci\u00f3 de publicitat de CABAS2011 S.L. \u00a0a trav\u00e9s de canals electr\u00f2nics.<\/p>\n<p><strong>3. Pol\u00edtica de privacitat de CABAS2011 SL<\/strong><\/p>\n<p>CABAS2011 \u00a0SL amb domicili a Sant Celoni i correu electr\u00f2nic\u00a0<a href=\"mailto:info@labonacarn.com\">info@labonacarn.com<\/a><br \/>\ni amb NIF B65580789, declara el seu respecte i compliment de les disposicions contingudes en la Llei Org\u00e0nica 15\/1999, de 13de desembre, de Protecci\u00f3 de Dades de Car\u00e0cter Personal (en endavant LOPD) i el compliment de les previsions legals contingudes al Reial decret 994\/1999 de 11 de juny, sobre mesures de seguretat dels fitxers automatitzats que continguin dades de car\u00e0cter personal, per la qual cosa ha establert tots els mitjans t\u00e8cnics al seu abast per evitar la p\u00e8rdua, mal \u00fas, alteraci\u00f3, acc\u00e9s no autoritzat i apropiaci\u00f3 indeguda de les dades que heu facilitat sense perjudici que les mesures de seguretat no siguin inexpugnables. Per tant, se l&#8217;informa de la seva pol\u00edtica de protecci\u00f3 de dades, perqu\u00e8 vost\u00e8 determini volunt\u00e0riament si vol facilitar les seves dades personals a CABAS2011 SL.<br \/>\nTamb\u00e9 se l&#8217;informa que les dades de car\u00e0cter personal que vost\u00e8 introdueixi a trav\u00e9s del lloc web ubicat a l&#8217;adre\u00e7a d&#8217;Internet\u00a0<a href=\"http:\/\/www.labonacarn.com\/\">www.labonacarn.com<\/a>\u00a0\u00a0(en endavant, la web), aix\u00ed com aquells que podria facilitar en el futur en el marc de la relaci\u00f3 jur\u00eddica amb l&#8217;entitat seran recollides en un fitxer automatitzat de dades de car\u00e0cter personal propietat de CABAS2011 SL, les dades del qual figuren a l&#8217;encap\u00e7alament i que estar\u00e0 sota la responsabilitat de l&#8217;empresa.<br \/>\nPer tal de complir les disposicions de la LOPD, es fa expressa menci\u00f3 que CABAS2011 SL \u00e9s el responsable i destinat\u00e0ria de l&#8217;arxiu on s&#8217;inclouen les dades personals que proporcioneu amb qualsevol dels formularis habilitats per a la p\u00e0gina Web indicada i per qualsevol altre mitj\u00e0 d&#8217;interlocuci\u00f3.<br \/>\nPer integrar les seves dades a l&#8217;arxiu de CABAS2011 S.L. i, si s&#8217;escau, comunicar les seves dades a tercers, necessita el seu consentiment inequ\u00edvoc, que podr\u00e0 indicar a trav\u00e9s de l&#8217;acceptaci\u00f3 d&#8217;aquesta pol\u00edtica de privacitat, escollint l&#8217;opci\u00f3 d&#8217;acceptar que es presenta en cada formulari de petici\u00f3 de dades.<br \/>\nAbans d&#8217;aquesta acceptaci\u00f3 cap dada de car\u00e0cter personal ser\u00e0 incorporada a fitxers de CABAS2011 S.L.<br \/>\nLes dades que vost\u00e8 proporciona a CABAS2011 SL estan destinades a ser utilitzades per al desenvolupament de qualsevol de les activitats de CABAS2011 SL, amb la finalitat de gestionar, administrar i prestar els serveis sol\u00b7licitats, aix\u00ed com per promoure els seus productes o serveis i per enviar-vos informaci\u00f3 comercial relacionada amb nous productes.<br \/>\nTamb\u00e9 l&#8217;acceptaci\u00f3 d&#8217;aquesta pol\u00edtica de privacitat suposa el consentiment expr\u00e9s perqu\u00e8 pugui enviar-li comunicacions publicit\u00e0ries o promocionals per correu electr\u00f2nic o altres mitjans equivalents, en els termes establerts per la Llei 34\/2002, de Servicios de la Sociedad de la Informaci\u00f3n y de Comercio Electr\u00f3nico.<br \/>\nEn el cas de no estar interessat en rebre aquest tipus de comunicacions, pot contactar amb CABAS2011 SL l&#8217;adre\u00e7a esmentada o correu electr\u00f2nic \u201c info@labonacarn.com\u201d\u00a0, manifestant la seva voluntat. Excepte en camps en que expressament es determini el contrari per mitj\u00e0 d&#8217;un asterisc (*), la resposta a les preguntes sobre dades personals \u00e9s volunt\u00e0ria, sense que la falta de resposta a aquestes preguntes, impliqui una disminuci\u00f3 en la qualitat dels serveis que heu demanat.<br \/>\nLa manca de complementaci\u00f3 dels camps marcats com obligatori o el subministrament de dades incorrectes far\u00e0 impossible que CABAS2011 SL pugui prestar els serveis sol\u00b7licitats. Vost\u00e8 tindr\u00e0 la possibilitat d&#8217;exercir els drets d&#8217;acc\u00e9s, rectificaci\u00f3, cancel\u00b7laci\u00f3 i oposici\u00f3 de les seves dades personals inclosos en els arxius de CABAS2011 SL, sol\u00b7licitant-ho per qualsevol mitj\u00e0 que deixi const\u00e0ncia del seu enviament i recepci\u00f3. Per exercir els seus drets pot contactar amb CABAS2011 SL, a l&#8217;adre\u00e7a indicada a l&#8217;inici d&#8217;aquesta pol\u00edtica de privacitat, l&#8217;atenci\u00f3 del responsable de seguretat (Ref. LOPD). Amb la finalitat de poder adequar els serveis oferts als<br \/>\nseus gustos i prefer\u00e8ncies, CABAS2011 \u00a0SL far\u00e0 servir \u00abcookies\u00bb.Les \u00abcookies\u00bb s\u00f3n arxius de text que servidors envien al seu disc dur per facilitar l&#8217;acc\u00e9s m\u00e9s r\u00e0pid a la p\u00e0gina web seleccionada al seu ordinador. El prop\u00f2sit de les \u00abcookies\u00bb de CABAS2011 \u00a0SL \u00e9s personalitzar els serveis que oferim, proporcionant informaci\u00f3 que poden ser del vostre inter\u00e8s. Les \u00abcookies\u00bb no extreuen informaci\u00f3 del seu ordinador, ni determinen on us trobeu. No obstant aix\u00f2, si no vol que una \u00abcookie\u00bb s&#8217;instal\u00b7li al disc dur, sol\u00b7licitem que configuri el navegador del seu ordinador per no rebre-les.<br \/>\nTanmateix, li indiquem que pot disminuir la qualitat del funcionament del lloc web.<br \/>\nCABAS2011 \u00a0SL es reserva el dret de modificar aquesta pol\u00edtica de privacitat per adaptar-la a les novetats legislatives, jurisprudencials o d&#8217;interpretaci\u00f3 de l&#8217;Ag\u00e8ncia Espanyola de Protecci\u00f3 de Dades. En aquest cas, CABAS2011 SL anunciar\u00e0 aquests canvis indicant les modificacions realitzades amb claredat i amb antelaci\u00f3 i sol\u00b7licitant, si escau, la seva acceptaci\u00f3 d&#8217;aquests canvis. En compliment del que s&#8217;estipula en la Llei Org\u00e0nica 15\/1999, de 13 de desembre, de Protecci\u00f3 de Dades de Car\u00e0cter Personal, us informem que les dades que ens faciliti omplint aquest formulari formaran part d&#8217;un fitxer propietat de CABAS2011 SL i s&#8217;utilitzaran per a la gesti\u00f3 de clients.<\/p>\n","protected":false},"excerpt":{"rendered":"<p>Pol\u00edtica de protecci\u00f3n de datos \u00bfQui\u00e9n es el responsable del tratamiento de los datos personales? El responsable del tratamiento de los datos personales es\u00a0CABAS2011 S.L&#8230;<\/p>\n","protected":false},"author":1,"featured_media":0,"parent":0,"menu_order":0,"comment_status":"closed","ping_status":"closed","template":"","meta":{"_acf_changed":false,"_joinchat":[],"footnotes":""},"class_list":["post-5137","page","type-page","status-publish"],"acf":[],"yoast_head":"<!-- This site is optimized with the Yoast SEO plugin v27.4 - https:\/\/yoast.com\/product\/yoast-seo-wordpress\/ -->\n<title>Pol\u00edtica de protecci\u00f3n de datos - labonacarn.com<\/title>\n<meta name=\"robots\" content=\"index, follow, max-snippet:-1, max-image-preview:large, max-video-preview:-1\" \/>\n<link rel=\"canonical\" href=\"https:\/\/labonacarn.com\/es\/politica-de-proteccion-de-datos\/\" \/>\n<meta property=\"og:locale\" content=\"es_ES\" \/>\n<meta property=\"og:type\" content=\"article\" \/>\n<meta property=\"og:title\" content=\"Pol\u00edtica de protecci\u00f3n de datos - labonacarn.com\" \/>\n<meta property=\"og:description\" content=\"Pol\u00edtica de protecci\u00f3n de datos \u00bfQui\u00e9n es el responsable del tratamiento de los datos personales? El responsable del tratamiento de los datos personales es\u00a0CABAS2011 S.L...\" \/>\n<meta property=\"og:url\" content=\"https:\/\/labonacarn.com\/es\/politica-de-proteccion-de-datos\/\" \/>\n<meta property=\"og:site_name\" content=\"labonacarn.com\" \/>\n<meta property=\"article:modified_time\" content=\"2022-03-06T14:39:48+00:00\" \/>\n<meta name=\"twitter:card\" content=\"summary_large_image\" \/>\n<meta name=\"twitter:label1\" content=\"Tiempo de lectura\" \/>\n\t<meta name=\"twitter:data1\" content=\"9 minutos\" \/>\n<script type=\"application\/ld+json\" class=\"yoast-schema-graph\">{\"@context\":\"https:\\\/\\\/schema.org\",\"@graph\":[{\"@type\":\"WebPage\",\"@id\":\"https:\\\/\\\/labonacarn.com\\\/es\\\/politica-de-proteccion-de-datos\\\/\",\"url\":\"https:\\\/\\\/labonacarn.com\\\/es\\\/politica-de-proteccion-de-datos\\\/\",\"name\":\"Pol\u00edtica de protecci\u00f3n de datos - labonacarn.com\",\"isPartOf\":{\"@id\":\"https:\\\/\\\/labonacarn.com\\\/es\\\/#website\"},\"datePublished\":\"2022-02-22T09:06:22+00:00\",\"dateModified\":\"2022-03-06T14:39:48+00:00\",\"breadcrumb\":{\"@id\":\"https:\\\/\\\/labonacarn.com\\\/es\\\/politica-de-proteccion-de-datos\\\/#breadcrumb\"},\"inLanguage\":\"es\",\"potentialAction\":[{\"@type\":\"ReadAction\",\"target\":[\"https:\\\/\\\/labonacarn.com\\\/es\\\/politica-de-proteccion-de-datos\\\/\"]}]},{\"@type\":\"BreadcrumbList\",\"@id\":\"https:\\\/\\\/labonacarn.com\\\/es\\\/politica-de-proteccion-de-datos\\\/#breadcrumb\",\"itemListElement\":[{\"@type\":\"ListItem\",\"position\":1,\"name\":\"Portada\",\"item\":\"https:\\\/\\\/labonacarn.com\\\/es\\\/\"},{\"@type\":\"ListItem\",\"position\":2,\"name\":\"Pol\u00edtica de protecci\u00f3n de datos\"}]},{\"@type\":\"WebSite\",\"@id\":\"https:\\\/\\\/labonacarn.com\\\/es\\\/#website\",\"url\":\"https:\\\/\\\/labonacarn.com\\\/es\\\/\",\"name\":\"labonacarn.com\",\"description\":\"Venem carn de vedella, porc, pollastre, xai, poltre, gall dindi i embotits de primera qualitat i fets per nosaltres.\",\"potentialAction\":[{\"@type\":\"SearchAction\",\"target\":{\"@type\":\"EntryPoint\",\"urlTemplate\":\"https:\\\/\\\/labonacarn.com\\\/es\\\/?s={search_term_string}\"},\"query-input\":{\"@type\":\"PropertyValueSpecification\",\"valueRequired\":true,\"valueName\":\"search_term_string\"}}],\"inLanguage\":\"es\"}]}<\/script>\n<!-- \/ Yoast SEO plugin. -->","yoast_head_json":{"title":"Pol\u00edtica de protecci\u00f3n de datos - labonacarn.com","robots":{"index":"index","follow":"follow","max-snippet":"max-snippet:-1","max-image-preview":"max-image-preview:large","max-video-preview":"max-video-preview:-1"},"canonical":"https:\/\/labonacarn.com\/es\/politica-de-proteccion-de-datos\/","og_locale":"es_ES","og_type":"article","og_title":"Pol\u00edtica de protecci\u00f3n de datos - labonacarn.com","og_description":"Pol\u00edtica de protecci\u00f3n de datos \u00bfQui\u00e9n es el responsable del tratamiento de los datos personales? El responsable del tratamiento de los datos personales es\u00a0CABAS2011 S.L...","og_url":"https:\/\/labonacarn.com\/es\/politica-de-proteccion-de-datos\/","og_site_name":"labonacarn.com","article_modified_time":"2022-03-06T14:39:48+00:00","twitter_card":"summary_large_image","twitter_misc":{"Tiempo de lectura":"9 minutos"},"schema":{"@context":"https:\/\/schema.org","@graph":[{"@type":"WebPage","@id":"https:\/\/labonacarn.com\/es\/politica-de-proteccion-de-datos\/","url":"https:\/\/labonacarn.com\/es\/politica-de-proteccion-de-datos\/","name":"Pol\u00edtica de protecci\u00f3n de datos - labonacarn.com","isPartOf":{"@id":"https:\/\/labonacarn.com\/es\/#website"},"datePublished":"2022-02-22T09:06:22+00:00","dateModified":"2022-03-06T14:39:48+00:00","breadcrumb":{"@id":"https:\/\/labonacarn.com\/es\/politica-de-proteccion-de-datos\/#breadcrumb"},"inLanguage":"es","potentialAction":[{"@type":"ReadAction","target":["https:\/\/labonacarn.com\/es\/politica-de-proteccion-de-datos\/"]}]},{"@type":"BreadcrumbList","@id":"https:\/\/labonacarn.com\/es\/politica-de-proteccion-de-datos\/#breadcrumb","itemListElement":[{"@type":"ListItem","position":1,"name":"Portada","item":"https:\/\/labonacarn.com\/es\/"},{"@type":"ListItem","position":2,"name":"Pol\u00edtica de protecci\u00f3n de datos"}]},{"@type":"WebSite","@id":"https:\/\/labonacarn.com\/es\/#website","url":"https:\/\/labonacarn.com\/es\/","name":"labonacarn.com","description":"Venem carn de vedella, porc, pollastre, xai, poltre, gall dindi i embotits de primera qualitat i fets per nosaltres.","potentialAction":[{"@type":"SearchAction","target":{"@type":"EntryPoint","urlTemplate":"https:\/\/labonacarn.com\/es\/?s={search_term_string}"},"query-input":{"@type":"PropertyValueSpecification","valueRequired":true,"valueName":"search_term_string"}}],"inLanguage":"es"}]}},"_links":{"self":[{"href":"https:\/\/labonacarn.com\/es\/wp-json\/wp\/v2\/pages\/5137","targetHints":{"allow":["GET"]}}],"collection":[{"href":"https:\/\/labonacarn.com\/es\/wp-json\/wp\/v2\/pages"}],"about":[{"href":"https:\/\/labonacarn.com\/es\/wp-json\/wp\/v2\/types\/page"}],"author":[{"embeddable":true,"href":"https:\/\/labonacarn.com\/es\/wp-json\/wp\/v2\/users\/1"}],"replies":[{"embeddable":true,"href":"https:\/\/labonacarn.com\/es\/wp-json\/wp\/v2\/comments?post=5137"}],"version-history":[{"count":0,"href":"https:\/\/labonacarn.com\/es\/wp-json\/wp\/v2\/pages\/5137\/revisions"}],"wp:attachment":[{"href":"https:\/\/labonacarn.com\/es\/wp-json\/wp\/v2\/media?parent=5137"}],"curies":[{"name":"wp","href":"https:\/\/api.w.org\/{rel}","templated":true}]}}